{"id":1008,"date":"2022-07-10T16:51:11","date_gmt":"2022-07-10T14:51:11","guid":{"rendered":"https:\/\/dagtilbudivirkeligheden.dk\/ballerup\/?p=1008"},"modified":"2026-02-03T15:19:25","modified_gmt":"2026-02-03T14:19:25","slug":"mindfulness-og-borneyoga-i-jeres-bornehus","status":"publish","type":"offer","link":"https:\/\/dagtilbudivirkeligheden.dk\/ballerup\/forloeb\/mindfulness-og-borneyoga-i-jeres-bornehus\/","title":{"rendered":"MINDFULNESS OG B\u00d8RNEYOGA I JERES B\u00d8RNEHUS"},"content":{"rendered":"<p>Mindfulness og b\u00f8rneyoga kan v\u00e6re det redskab, som underst\u00f8tter et l\u00e6rings- og udviklingsmilj\u00f8, hvor b\u00f8rnene f\u00e5r tid til fordybelse, tr\u00e6ner koncentrationsevnen og derved fremmer indl\u00e6ring.<br \/>\nHvis vi s\u00e5 tidligt som muligt l\u00e6rer vores b\u00f8rn om \u00e5ndedr\u00e6ttets betydning, bliver de bedre til at kunne h\u00e5ndtere stressede situati-oner. De l\u00e6rer at finde tilbage til det stille sted i dem selv, der hvor der altid er ro.<br \/>\nJeg ser det derfor som en n\u00f8dvendighed at arbejde med b\u00f8rns velv\u00e6re, samt deres ev-ne til at fordybe sig og v\u00e6re tilstede i nuet.<br \/>\nMindfulness og b\u00f8rneyoga ser jeg som modv\u00e6gt til b\u00f8rns stressede liv og til, at underst\u00f8tte de krav der stilles til institutio-nen i dag.<\/p>\n<p><strong>Indhold:<\/strong><\/p>\n<p><strong><em>B\u00f8rneyoga og Mindfulness i Ballerup kommune<\/em><\/strong><\/p>\n<p>\u2022&nbsp;&nbsp; &nbsp;Undervisning i b\u00f8rneyoga og mindfulness<br \/>\n\u2022&nbsp;&nbsp; &nbsp;1 dags forl\u00f8b \u2013 hvor jeg kommer og underviser b\u00f8rnene.<br \/>\n\u2022&nbsp;&nbsp; &nbsp;For eksempel 2 hold pr dag, med ca. 10 b\u00f8rn i hver gruppe.<\/p>\n<p>\u2022&nbsp;&nbsp; &nbsp;Der g\u00e5r 3 timer til undervisning og ops\u00e6tning pr gang, det vil sige jeg m\u00f8der ind ca. 8.30 og er der til 11.30.<\/p>\n<p>\u2022&nbsp;&nbsp; &nbsp;<strong>Produktet b\u00f8rneyoga og mindfulness<\/strong> er tilpasset jeres institution og jeres b\u00f8rnegruppe \u2013 med et komplet undervisningsforl\u00f8b, hvor personalet deltaget i forl\u00f8bet sammen med mig. Hvor de l\u00e6rer teknikker og metoder. Som underst\u00f8tter og komplementeres via de p\u00e6dagogiske l\u00e6rerplaner.<\/p>\n<p><strong>\u2022&nbsp; &nbsp; Videreformidling af b\u00f8rneyoga og mindfulness til tovholder\/p\u00e6dagog; &nbsp;<\/strong><\/p>\n<ul>\n<li>Tovholder\/p\u00e6dagog er en del af processen ved sin deltagelse i forl\u00f8bet. Via det blev hun kl\u00e6dt p\u00e5 til at videref\u00f8re egne forl\u00f8b.<\/li>\n<li>Derudover var der plads til refleksion og sp\u00f8rgsm\u00e5l efter hvert endt forl\u00f8b.<\/li>\n<li>Slutvis evaluering af forl\u00f8bet.<\/li>\n<\/ul>\n","protected":false},"excerpt":{"rendered":"<p>Mindfulness og b\u00f8rneyoga kan v\u00e6re det redskab, som underst\u00f8tter et l\u00e6rings- og udviklingsmilj\u00f8, hvor b\u00f8rnene f\u00e5r tid til fordybelse, tr\u00e6ner koncentrationsevnen og derved fremmer indl\u00e6ring. Hvis vi s\u00e5 tidligt som muligt l\u00e6rer vores b\u00f8rn om \u00e5ndedr\u00e6ttets betydning, bliver de bedre til at kunne h\u00e5ndtere stressede situati-oner. De l\u00e6rer at finde tilbage til det stille sted [&hellip;]<\/p>\n","protected":false},"author":2,"featured_media":1299,"menu_order":0,"template":"","class_list":["post-1008","offer","type-offer","status-publish","has-post-thumbnail","hentry"],"acf":[],"publishpress_future_action":{"enabled":false,"date":"2026-05-04 23:36:11","action":"change-status","newStatus":"draft","terms":[],"taxonomy":"","extraData":[]},"publishpress_future_workflow_manual_trigger":{"enabledWorkflows":[]},"_links":{"self":[{"href":"https:\/\/dagtilbudivirkeligheden.dk\/ballerup\/wp-json\/wp\/v2\/offer\/1008","targetHints":{"allow":["GET"]}}],"collection":[{"href":"https:\/\/dagtilbudivirkeligheden.dk\/ballerup\/wp-json\/wp\/v2\/offer"}],"about":[{"href":"https:\/\/dagtilbudivirkeligheden.dk\/ballerup\/wp-json\/wp\/v2\/types\/offer"}],"author":[{"embeddable":true,"href":"https:\/\/dagtilbudivirkeligheden.dk\/ballerup\/wp-json\/wp\/v2\/users\/2"}],"version-history":[{"count":4,"href":"https:\/\/dagtilbudivirkeligheden.dk\/ballerup\/wp-json\/wp\/v2\/offer\/1008\/revisions"}],"predecessor-version":[{"id":1751,"href":"https:\/\/dagtilbudivirkeligheden.dk\/ballerup\/wp-json\/wp\/v2\/offer\/1008\/revisions\/1751"}],"wp:featuredmedia":[{"embeddable":true,"href":"https:\/\/dagtilbudivirkeligheden.dk\/ballerup\/wp-json\/wp\/v2\/media\/1299"}],"wp:attachment":[{"href":"https:\/\/dagtilbudivirkeligheden.dk\/ballerup\/wp-json\/wp\/v2\/media?parent=1008"}],"curies":[{"name":"wp","href":"https:\/\/api.w.org\/{rel}","templated":true}]}}